{"id":338,"date":"2020-12-02T16:18:14","date_gmt":"2020-12-02T15:18:14","guid":{"rendered":"http:\/\/wp.theater-arbeit-duisburg.de\/?page_id=338"},"modified":"2020-12-22T12:59:35","modified_gmt":"2020-12-22T11:59:35","slug":"download","status":"publish","type":"page","link":"https:\/\/hermannsschlacht.theater-arbeit-duisburg.de\/?page_id=338","title":{"rendered":"DOWNLOADS UND LINKS"},"content":{"rendered":"\t\t<div data-elementor-type=\"wp-page\" data-elementor-id=\"338\" class=\"elementor elementor-338\" data-elementor-settings=\"[]\">\n\t\t\t\t\t\t<div class=\"elementor-inner\">\n\t\t\t\t\t\t\t<div class=\"elementor-section-wrap\">\n\t\t\t\t\t\t\t<section class=\"elementor-section elementor-top-section elementor-element elementor-element-e696ae2 elementor-section-boxed elementor-section-height-default elementor-section-height-default\" data-id=\"e696ae2\" data-element_type=\"section\">\n\t\t\t\t\t\t<div class=\"elementor-container elementor-column-gap-default\">\n\t\t\t\t\t\t\t<div class=\"elementor-row\">\n\t\t\t\t\t<div class=\"elementor-column elementor-col-100 elementor-top-column elementor-element elementor-element-b94f14d\" data-id=\"b94f14d\" data-element_type=\"column\">\n\t\t\t<div class=\"elementor-column-wrap elementor-element-populated\">\n\t\t\t\t\t\t\t<div class=\"elementor-widget-wrap\">\n\t\t\t\t\t\t<div class=\"elementor-element elementor-element-315f916 elementor-widget elementor-widget-text-editor\" data-id=\"315f916\" data-element_type=\"widget\" data-widget_type=\"text-editor.default\">\n\t\t\t\t<div class=\"elementor-widget-container\">\n\t\t\t\t\t<div class=\"elementor-text-editor elementor-clearfix\"><p><strong>DOWNLOADBEREICH<\/strong><\/p><\/div>\n\t\t\t\t<\/div>\n\t\t\t\t<\/div>\n\t\t\t\t\t\t<\/div>\n\t\t\t\t\t<\/div>\n\t\t<\/div>\n\t\t\t\t\t\t\t\t<\/div>\n\t\t\t\t\t<\/div>\n\t\t<\/section>\n\t\t\t\t<section class=\"elementor-section elementor-top-section elementor-element elementor-element-24850aa elementor-section-boxed elementor-section-height-default elementor-section-height-default\" data-id=\"24850aa\" data-element_type=\"section\">\n\t\t\t\t\t\t<div class=\"elementor-container elementor-column-gap-default\">\n\t\t\t\t\t\t\t<div class=\"elementor-row\">\n\t\t\t\t\t<div class=\"elementor-column elementor-col-100 elementor-top-column elementor-element elementor-element-a28b2c2\" data-id=\"a28b2c2\" data-element_type=\"column\">\n\t\t\t<div class=\"elementor-column-wrap elementor-element-populated\">\n\t\t\t\t\t\t\t<div class=\"elementor-widget-wrap\">\n\t\t\t\t\t\t<div class=\"elementor-element elementor-element-739989f elementor-widget elementor-widget-text-editor\" data-id=\"739989f\" data-element_type=\"widget\" data-widget_type=\"text-editor.default\">\n\t\t\t\t<div class=\"elementor-widget-container\">\n\t\t\t\t\t<div class=\"elementor-text-editor elementor-clearfix\"><ul><li><strong>Plakat: <\/strong><a href=\"http:\/\/www.theater-arbeit-duisburg.de\/Download\/2020-Hoerspiel-HERMANNS-SCHLACHT.pdf\" target=\"_blank\" rel=\"noopener\"> Download (pdf)<\/a><\/li><li><strong>Textfassung<em>: <\/em><\/strong><a href=\"https:\/\/hermannsschlacht.theater-arbeit-duisburg.de\/wp-content\/uploads\/2020\/12\/HermannsSchlacht-Ho\u0308rspieltext-TAD2020.pdf\">Download (pdf)<\/a><\/li><li><strong>Audiodateien:<\/strong><br \/>H\u00f6rspiel: <a href=\"http:\/\/www.theater-arbeit-duisburg.de\/Download\/201217-Hermanns-Schacht-H\u00f6rspiel.mp3\" target=\"_blank\" rel=\"noopener\">Download (mp3)<br \/><\/a><p><em><br \/><a href=\"https:\/\/soundcloud.com\/user-265230224\/sets\/hermanns-schlacht\" target=\"_blank\" rel=\"noopener\">Und ab sofort HIER die ganze Radiosendung oder nur das H\u00f6rspiel jederzeit h\u00f6ren.<\/a><br \/><\/em><\/p><\/li><\/ul><p>Die Weiterverbreitung der Audio-Dokumente und des Textes sind erw\u00fcnscht und freigegeben.<\/p><p>Die Rechte an allen Dokumenten verbleiben bei \u00a9 Hermann-Josef Kr\u00e4mer und \u00a9 Theater Arbeit Duisburg.<\/p><p>Bei Interesse einer eigenen Arbeit mit dem Text-Material (Theaterinszenierung, ver\u00e4ndernde Textverarbeitung etc.), welches wir generell sehr begr\u00fc\u00dfen, bitten wir um eine Anfrage an <a href=\"mailto:info@theater-arbeit-duisburg.de\">info@theater-arbeit-duisburg.de<\/a>.<\/p><\/div>\n\t\t\t\t<\/div>\n\t\t\t\t<\/div>\n\t\t\t\t\t\t<\/div>\n\t\t\t\t\t<\/div>\n\t\t<\/div>\n\t\t\t\t\t\t\t\t<\/div>\n\t\t\t\t\t<\/div>\n\t\t<\/section>\n\t\t\t\t<section class=\"elementor-section elementor-top-section elementor-element elementor-element-cfb8fb3 elementor-section-boxed elementor-section-height-default elementor-section-height-default\" data-id=\"cfb8fb3\" data-element_type=\"section\">\n\t\t\t\t\t\t<div class=\"elementor-container elementor-column-gap-default\">\n\t\t\t\t\t\t\t<div class=\"elementor-row\">\n\t\t\t\t\t<div class=\"elementor-column elementor-col-100 elementor-top-column elementor-element elementor-element-6dbac7f\" data-id=\"6dbac7f\" data-element_type=\"column\">\n\t\t\t<div class=\"elementor-column-wrap elementor-element-populated\">\n\t\t\t\t\t\t\t<div class=\"elementor-widget-wrap\">\n\t\t\t\t\t\t<div class=\"elementor-element elementor-element-3812746 elementor-widget-divider--view-line elementor-widget elementor-widget-divider\" data-id=\"3812746\" data-element_type=\"widget\" data-widget_type=\"divider.default\">\n\t\t\t\t<div class=\"elementor-widget-container\">\n\t\t\t\t\t<div class=\"elementor-divider\">\n\t\t\t<span class=\"elementor-divider-separator\">\n\t\t\t\t\t\t<\/span>\n\t\t<\/div>\n\t\t\t\t<\/div>\n\t\t\t\t<\/div>\n\t\t\t\t\t\t<\/div>\n\t\t\t\t\t<\/div>\n\t\t<\/div>\n\t\t\t\t\t\t\t\t<\/div>\n\t\t\t\t\t<\/div>\n\t\t<\/section>\n\t\t\t\t<section class=\"elementor-section elementor-top-section elementor-element elementor-element-a127983 elementor-section-boxed elementor-section-height-default elementor-section-height-default\" data-id=\"a127983\" data-element_type=\"section\">\n\t\t\t\t\t\t<div class=\"elementor-container elementor-column-gap-default\">\n\t\t\t\t\t\t\t<div class=\"elementor-row\">\n\t\t\t\t\t<div class=\"elementor-column elementor-col-100 elementor-top-column elementor-element elementor-element-1c8a20c\" data-id=\"1c8a20c\" data-element_type=\"column\">\n\t\t\t<div class=\"elementor-column-wrap elementor-element-populated\">\n\t\t\t\t\t\t\t<div class=\"elementor-widget-wrap\">\n\t\t\t\t\t\t<div class=\"elementor-element elementor-element-9cddcca elementor-widget elementor-widget-text-editor\" data-id=\"9cddcca\" data-element_type=\"widget\" data-widget_type=\"text-editor.default\">\n\t\t\t\t<div class=\"elementor-widget-container\">\n\t\t\t\t\t<div class=\"elementor-text-editor elementor-clearfix\"><p><strong>LINKSAMMLUNG <\/strong>\u2013 bereit gestellt von Hermann-Josef Kr\u00e4mer<\/p><\/div>\n\t\t\t\t<\/div>\n\t\t\t\t<\/div>\n\t\t\t\t\t\t<\/div>\n\t\t\t\t\t<\/div>\n\t\t<\/div>\n\t\t\t\t\t\t\t\t<\/div>\n\t\t\t\t\t<\/div>\n\t\t<\/section>\n\t\t\t\t<section class=\"elementor-section elementor-top-section elementor-element elementor-element-f66e39c elementor-section-boxed elementor-section-height-default elementor-section-height-default\" data-id=\"f66e39c\" data-element_type=\"section\">\n\t\t\t\t\t\t<div class=\"elementor-container elementor-column-gap-default\">\n\t\t\t\t\t\t\t<div class=\"elementor-row\">\n\t\t\t\t\t<div class=\"elementor-column elementor-col-100 elementor-top-column elementor-element elementor-element-63a2d3d\" data-id=\"63a2d3d\" data-element_type=\"column\">\n\t\t\t<div class=\"elementor-column-wrap elementor-element-populated\">\n\t\t\t\t\t\t\t<div class=\"elementor-widget-wrap\">\n\t\t\t\t\t\t<div class=\"elementor-element elementor-element-bee64ff elementor-widget elementor-widget-text-editor\" data-id=\"bee64ff\" data-element_type=\"widget\" data-widget_type=\"text-editor.default\">\n\t\t\t\t<div class=\"elementor-widget-container\">\n\t\t\t\t\t<div class=\"elementor-text-editor elementor-clearfix\"><ul><li><strong>Musikvideos: <\/strong><br \/>Leonard Cohen: If it be your will \u2013 <a class=\"moz-txt-link-freetext\" href=\"https:\/\/youtu.be\/O_XcMAGZjuY \">https:\/\/youtu.be\/O_XcMAGZjuY<\/a><br \/>Fettes Brot: Echo \u2013 <a class=\"moz-txt-link-freetext\" href=\"https:\/\/youtu.be\/YP2BZc70pmQ\">https:\/\/youtu.be\/YP2BZc70pmQ<\/a><br \/>In Extremob: Frei zu sein \u2013 <a class=\"moz-txt-link-freetext\" href=\"https:\/\/youtu.be\/b01wTOPOZT4\">https:\/\/youtu.be\/b01wTOPOZT4<\/a><br \/>Fisch: Anders Sein \u2013 <a class=\"moz-txt-link-freetext\" href=\"https:\/\/youtu.be\/N2-KCMLvq2s\">https:\/\/youtu.be\/N2-KCMLvq2s<\/a><br \/>Neonschwarz: Atem \u2013 <a class=\"moz-txt-link-freetext\" href=\"https:\/\/youtu.be\/yYcfnPt12l0\">https:\/\/youtu.be\/yYcfnPt12l0<\/a><br \/>Big Pharma: Define \u201aBetter\u2018 \u2013 <a class=\"moz-txt-link-freetext\" href=\"https:\/\/youtu.be\/g7rACI-WJEw\">https:\/\/youtu.be\/g7rACI-WJEw<\/a><br \/>Metallica: Sanatorium \u2013 <a class=\"moz-txt-link-freetext\" href=\"https:\/\/youtu.be\/oAycSf8COQo\">https:\/\/youtu.be\/oAycSf8COQo<\/a><br \/>Laibach: The Whistleblowers \u2013 <a class=\"moz-txt-link-freetext\" href=\"https:\/\/youtu.be\/c6Mx2mxpaCY\">https:\/\/youtu.be\/c6Mx2mxpaCY<\/a><br \/>Leonard Cohen: Anthem \u2013 <a class=\"moz-txt-link-freetext\" href=\"https:\/\/youtu.be\/pykafn3QYtI\">https:\/\/youtu.be\/pykafn3QYtI<\/a><br \/>Rammstein: Haifisch \u2013 <a class=\"moz-txt-link-freetext\" href=\"https:\/\/youtu.be\/GukNjYQZW8s\">https:\/\/youtu.be\/GukNjYQZW8s<\/a><br \/>Hannes Wader: Ich hatte mir noch soviel vorgenommen \u2013 <a class=\"moz-txt-link-freetext\" href=\"https:\/\/youtu.be\/9LKWc93FX5Y\">https:\/\/youtu.be\/9LKWc93FX5Y<\/a><br \/>Leonard Cohen: Everybody knows \u2013 <a class=\"moz-txt-link-freetext\" href=\"https:\/\/youtu.be\/Lin-a2lTelg\">https:\/\/youtu.be\/Lin-a2lTelg<\/a><br \/>Antony singing If It be Your will \u2013 <a class=\"moz-txt-link-freetext\" href=\"https:\/\/www.youtube.com\/watch?v=1MDlMdu2gjw\">https:\/\/www.youtube.com\/watch?v=1MDlMdu2gjw<\/a><\/li><\/ul><\/div>\n\t\t\t\t<\/div>\n\t\t\t\t<\/div>\n\t\t\t\t\t\t<\/div>\n\t\t\t\t\t<\/div>\n\t\t<\/div>\n\t\t\t\t\t\t\t\t<\/div>\n\t\t\t\t\t<\/div>\n\t\t<\/section>\n\t\t\t\t<section class=\"elementor-section elementor-top-section elementor-element elementor-element-f5fc4ac elementor-section-boxed elementor-section-height-default elementor-section-height-default\" data-id=\"f5fc4ac\" data-element_type=\"section\">\n\t\t\t\t\t\t<div class=\"elementor-container elementor-column-gap-default\">\n\t\t\t\t\t\t\t<div class=\"elementor-row\">\n\t\t\t\t\t<div class=\"elementor-column elementor-col-100 elementor-top-column elementor-element elementor-element-a19798b\" data-id=\"a19798b\" data-element_type=\"column\">\n\t\t\t<div class=\"elementor-column-wrap elementor-element-populated\">\n\t\t\t\t\t\t\t<div class=\"elementor-widget-wrap\">\n\t\t\t\t\t\t<div class=\"elementor-element elementor-element-60a80b8 elementor-widget elementor-widget-text-editor\" data-id=\"60a80b8\" data-element_type=\"widget\" data-widget_type=\"text-editor.default\">\n\t\t\t\t<div class=\"elementor-widget-container\">\n\t\t\t\t\t<div class=\"elementor-text-editor elementor-clearfix\"><ul><li><strong>Selbsthilfegruppen, Foren und Vereine:<\/strong> <br \/>Bundesverband Psychiatrie-Erfahrener e.V. \u2013 <a class=\"moz-txt-link-freetext\" href=\"https:\/\/bpe-online.de\">https:\/\/bpe-online.de<\/a> <br \/>Kompetenznetz Schizophrenie (KNS) \u2013 <a class=\"moz-txt-link-freetext\" href=\"http:\/\/www.kompetenznetz-schizophrenie.info\">http:\/\/www.kompetenznetz-schizophrenie.info<\/a> <br \/>ADFD: Unabh\u00e4ngige Information und Austausch \u00fcber Nebenwirkungen und Absetzsymptome von Psychopharmaka \u2013 <a class=\"moz-txt-link-freetext\" href=\"https:\/\/adfd.org\">https:\/\/adfd.org<\/a> <br \/>Lehrstuhl f\u00fcr Wahnsinn des Werner-Fu\u00df-Zentrums an der freien &#8222;Universit\u00e4t&#8220; in Berlin \/ Irren-Offensive \u2013 <a class=\"moz-txt-link-freetext\" href=\"https:\/\/www.irrenoffensive.de\">https:\/\/www.irrenoffensive.de<\/a> <br \/>International Bipolar Foundation (IBPF) \u2013 <a class=\"moz-txt-link-freetext\" href=\"https:\/\/ibpf.org\">https:\/\/ibpf.org<\/a> <br \/>Berliner Organisation Psychiatrie-Erfahrener und Psychiatrie-Betroffener (BOP&amp;P) e.V. \u2013 <a class=\"moz-txt-link-freetext\" href=\"https:\/\/test2.deisolate.net\">https:\/\/test2.deisolate.net<\/a><\/li><\/ul><\/div>\n\t\t\t\t<\/div>\n\t\t\t\t<\/div>\n\t\t\t\t\t\t<\/div>\n\t\t\t\t\t<\/div>\n\t\t<\/div>\n\t\t\t\t\t\t\t\t<\/div>\n\t\t\t\t\t<\/div>\n\t\t<\/section>\n\t\t\t\t<section class=\"elementor-section elementor-top-section elementor-element elementor-element-55d54ea elementor-section-boxed elementor-section-height-default elementor-section-height-default\" data-id=\"55d54ea\" data-element_type=\"section\">\n\t\t\t\t\t\t<div class=\"elementor-container elementor-column-gap-default\">\n\t\t\t\t\t\t\t<div class=\"elementor-row\">\n\t\t\t\t\t<div class=\"elementor-column elementor-col-100 elementor-top-column elementor-element elementor-element-615d1dc\" data-id=\"615d1dc\" data-element_type=\"column\">\n\t\t\t<div class=\"elementor-column-wrap elementor-element-populated\">\n\t\t\t\t\t\t\t<div class=\"elementor-widget-wrap\">\n\t\t\t\t\t\t<div class=\"elementor-element elementor-element-fafae07 elementor-widget elementor-widget-text-editor\" data-id=\"fafae07\" data-element_type=\"widget\" data-widget_type=\"text-editor.default\">\n\t\t\t\t<div class=\"elementor-widget-container\">\n\t\t\t\t\t<div class=\"elementor-text-editor elementor-clearfix\"><ul><li><strong>Fakten zu Psychopharmaka\/Psychiatrie:<\/strong> <br \/><a class=\"moz-txt-link-freetext\" href=\"https:\/\/www.zentrum-der-gesundheit.de\/amp\/news\/medizin\/psychopharmaka-nebenwirkungen-krebs-15000053\">https:\/\/www.zentrum-der-gesundheit.de\/amp\/news\/medizin\/psychopharmaka-nebenwirkungen-krebs-15000053<\/a> (Psychopharmaka und Krebsrisiko &#8211; Zentrum der Gesundheit) <br \/><a class=\"moz-txt-link-freetext\" href=\"https:\/\/www.medmedia.at\/spectrum-psychiatrie\/medikamenteninduzierte-psychosen\">https:\/\/www.medmedia.at\/spectrum-psychiatrie\/medikamenteninduzierte-psychosen<\/a> (Medikamenteninduzierte Absetzpsychosen) <br \/><a class=\"moz-txt-link-freetext\" href=\"https:\/\/meinungsverbrechen.de\">https:\/\/meinungsverbrechen.de<\/a>\u00a0 (Zwangspsychiatrie &#8211; Oder: Die Psychiatrie als moderne Folterkammer?) <br \/><a class=\"moz-txt-link-freetext\" href=\"https:\/\/zwielicht-bremen.de\/falsche-medikamentierung-in-der-psychiatrie\/\">https:\/\/zwielicht-bremen.de\/falsche-medikamentierung-in-der-psychiatrie\/<\/a> (Falsche Medikamente in der Psychiatrie \u2013 Peter Schwarz) <br \/><a class=\"moz-txt-link-freetext\" href=\"https:\/\/www.depression-heute.de\/biochemisches-ungleichgewicht\">https:\/\/www.depression-heute.de\/biochemisches-ungleichgewicht<\/a> (Chemisches Ungleichgewicht \u2013 Megairrtum) <br \/><a class=\"moz-txt-link-freetext\" href=\"https:\/\/youtu.be\/mQqegtMPkDE\">https:\/\/youtu.be\/mQqegtMPkDE<\/a>\u00a0 (Die Gefahr der Absatzpsychose \u2013 Vera Maria) <br \/><a class=\"moz-txt-link-freetext\" href=\"http:\/\/www.antipsychiatrieverlag.de\/artikel\/gesundheit\/pro_contra.htm\">http:\/\/www.antipsychiatrieverlag.de\/artikel\/gesundheit\/pro_contra.htm<\/a> (Einnahme von Psychoparmaka &#8211; Pro und Contra) <br \/><a class=\"moz-txt-link-freetext\" href=\"https:\/\/youtu.be\/XAqCf2gzYag\">https:\/\/youtu.be\/XAqCf2gzYag<\/a> (Faktenvideo Psychoparmaka &#8211; englisch) <br \/><a class=\"moz-txt-link-freetext\" href=\"https:\/\/www.aerztezeitung.de\/Medizin\/Was-bringen-Psychopharmaka-296899.html\">https:\/\/www.aerztezeitung.de\/Medizin\/Was-bringen-Psychopharmaka-296899.html<\/a> (Was bringen Psychoparmaka? \u2013 \u00c4rztezeitung) <br \/><a class=\"moz-txt-link-freetext\" href=\"http:\/\/www.antipsychiatrieverlag.de\/artikel\/gesundheit\/atypische.htm\">http:\/\/www.antipsychiatrieverlag.de\/artikel\/gesundheit\/atypische.htm<\/a> (Atypische Neuroleptika \u2013 Peter Lehmann) <br \/><a class=\"moz-txt-link-freetext\" href=\"https:\/\/journals.sagepub.com\/doi\/10.1177\/0004867415582231\">https:\/\/journals.sagepub.com\/doi\/10.1177\/0004867415582231<\/a> (Neurolepticas and Cancer Study \u2013 englisch) <br \/><a class=\"moz-txt-link-freetext\" href=\"https:\/\/youtu.be\/fXhNMhV2K5k\">https:\/\/youtu.be\/fXhNMhV2K5k<\/a>\u00a0 (Fixierung in der Psychiatrie (ZDF))<\/li><\/ul><\/div>\n\t\t\t\t<\/div>\n\t\t\t\t<\/div>\n\t\t\t\t\t\t<\/div>\n\t\t\t\t\t<\/div>\n\t\t<\/div>\n\t\t\t\t\t\t\t\t<\/div>\n\t\t\t\t\t<\/div>\n\t\t<\/section>\n\t\t\t\t<section class=\"elementor-section elementor-top-section elementor-element elementor-element-caf510b elementor-section-boxed elementor-section-height-default elementor-section-height-default\" data-id=\"caf510b\" data-element_type=\"section\">\n\t\t\t\t\t\t<div class=\"elementor-container elementor-column-gap-default\">\n\t\t\t\t\t\t\t<div class=\"elementor-row\">\n\t\t\t\t\t<div class=\"elementor-column elementor-col-100 elementor-top-column elementor-element elementor-element-0c0ebd1\" data-id=\"0c0ebd1\" data-element_type=\"column\">\n\t\t\t<div class=\"elementor-column-wrap elementor-element-populated\">\n\t\t\t\t\t\t\t<div class=\"elementor-widget-wrap\">\n\t\t\t\t\t\t<div class=\"elementor-element elementor-element-6bb0869 elementor-widget elementor-widget-text-editor\" data-id=\"6bb0869\" data-element_type=\"widget\" data-widget_type=\"text-editor.default\">\n\t\t\t\t<div class=\"elementor-widget-container\">\n\t\t\t\t\t<div class=\"elementor-text-editor elementor-clearfix\"><ul><li><strong>Alternativen zu Psychoparmaka:<\/strong> <br \/><a class=\"moz-txt-link-freetext\" href=\"https:\/\/www.alexianer-berlin-hedwigkliniken.de\/sthedwig-krankenhaus\/leistungen\/kliniken\/psychiatrie-und-psychotherapie\/leistungsangebote-psychiatrie-psychotherapie-und-psychosomatik\/soteria\">https:\/\/www.alexianer-berlin-hedwigkliniken.de\/sthedwig-krankenhaus\/leistungen\/kliniken\/psychiatrie-und-psychotherapie\/leistungsangebote-psychiatrie-psychotherapie-und-psychosomatik\/soteria<\/a> ( Soteria St. Hedwig Berin \u2013 Behandeln ohne Zwang) <br \/><a class=\"moz-txt-link-freetext\" href=\"https:\/\/soteria-netzwerk.de\/entstehung-des-soteria-gedankens\">https:\/\/soteria-netzwerk.de\/entstehung-des-soteria-gedankens<\/a> (Konzept Soteria erl\u00e4utert &#8211; Klinik ohne Folter und Zwang!) <br \/><a class=\"moz-txt-link-freetext\" href=\"https:\/\/www.horizonworld.de\/norwegen-eroeffnet-erste-psychiatrische-klinik-ohne-medikamente\/?utm_campaign=HORIZONWORLD-Wochen%C3%BCberblick\">https:\/\/www.horizonworld.de\/norwegen-eroeffnet-erste-psychiatrische-klinik-ohne-medikamente\/?utm_campaign=HORIZONWORLD-Wochen%C3%BCberblick<\/a> (Eine Psychiatrie ganz ohne Medikamente \u2013 Pionier Norwegen) <br \/><a class=\"moz-txt-link-freetext\" href=\"http:\/\/www.prenzlkomm.de\/institut-fuer-prosopiatrie\/literaturempfehlungen.html\">http:\/\/www.prenzlkomm.de\/institut-fuer-prosopiatrie\/literaturempfehlungen.html<\/a> (Literaturliste)<\/li><\/ul><\/div>\n\t\t\t\t<\/div>\n\t\t\t\t<\/div>\n\t\t\t\t\t\t<\/div>\n\t\t\t\t\t<\/div>\n\t\t<\/div>\n\t\t\t\t\t\t\t\t<\/div>\n\t\t\t\t\t<\/div>\n\t\t<\/section>\n\t\t\t\t<section class=\"elementor-section elementor-top-section elementor-element elementor-element-5ff5062 elementor-section-boxed elementor-section-height-default elementor-section-height-default\" data-id=\"5ff5062\" data-element_type=\"section\">\n\t\t\t\t\t\t<div class=\"elementor-container elementor-column-gap-default\">\n\t\t\t\t\t\t\t<div class=\"elementor-row\">\n\t\t\t\t\t<div class=\"elementor-column elementor-col-100 elementor-top-column elementor-element elementor-element-600ce66\" data-id=\"600ce66\" data-element_type=\"column\">\n\t\t\t<div class=\"elementor-column-wrap elementor-element-populated\">\n\t\t\t\t\t\t\t<div class=\"elementor-widget-wrap\">\n\t\t\t\t\t\t<div class=\"elementor-element elementor-element-7671c79 elementor-widget elementor-widget-text-editor\" data-id=\"7671c79\" data-element_type=\"widget\" data-widget_type=\"text-editor.default\">\n\t\t\t\t<div class=\"elementor-widget-container\">\n\t\t\t\t\t<div class=\"elementor-text-editor elementor-clearfix\"><ul><li><strong>Links unsortiert, zum st\u00f6bern:<\/strong> <br \/><a class=\"moz-txt-link-freetext\" href=\"https:\/\/youtu.be\/ZLLuVGH6beg\">https:\/\/youtu.be\/ZLLuVGH6beg<\/a> (Stigma: Psychisch krank \u2013 SWR Fernsehen) <br \/><a class=\"moz-txt-link-freetext\" href=\"https:\/\/journals.sagepub.com\/doi\/10.1177\/0004867415582231\">https:\/\/journals.sagepub.com\/doi\/10.1177\/0004867415582231<\/a> (Neurolepticas and Cancer Study \u2013 englisch) <br \/><a class=\"moz-txt-link-freetext\" href=\"https:\/\/www.deutschlandfunkkultur.de\/manfred-luetz-ein-drittel-der-deutschen-ist-psychisch-krank.970.de.html?dram:article_id=370214\">https:\/\/www.deutschlandfunkkultur.de\/manfred-luetz-ein-drittel-der-deutschen-ist-psychisch-krank.970.de.html?dram:article_id=370214<\/a> <br \/><a class=\"moz-txt-link-freetext\" href=\"https:\/\/www.irrenoffensive.de\/foltersystem.htm\">https:\/\/www.irrenoffensive.de\/foltersystem.htm<\/a> <br \/><a class=\"moz-txt-link-freetext\" href=\"https:\/\/ajp.psychiatryonline.org\/doi\/abs\/10.1176\/ajp.137.1.16\">https:\/\/ajp.psychiatryonline.org\/doi\/abs\/10.1176\/ajp.137.1.16<\/a> <br \/><a class=\"moz-txt-link-freetext\" href=\"https:\/\/lebenslust-jetzt.de\/tipps\/psychopharmaka-hilfe-oder-gift\">https:\/\/lebenslust-jetzt.de\/tipps\/psychopharmaka-hilfe-oder-gift<\/a> <br \/><a class=\"moz-txt-link-freetext\" href=\"https:\/\/www.deutschlandfunk.de\/teufel-und-beelzebub-die-krise-der-psychopharmaka.740.de.html?dram:article_id=382585&amp;xtor=AD-252-%5B%5D-%5B%5D-%5B%5D-%5Bdlf-desktop%5D-%5B%5D-%5B%5D\">https:\/\/www.deutschlandfunk.de\/teufel-und-beelzebub-die-krise-der-psychopharmaka.740.de.html?dram:article_id=382585&amp;xtor=AD-252-%5B%5D-%5B%5D-%5B%5D-%5Bdlf-desktop%5D-%5B%5D-%5B%5D<\/a> <br \/><a class=\"moz-txt-link-freetext\" href=\"http:\/\/www.antipsychiatrieverlag.de\/artikel\/gesundheit\/pdf\/whitaker-intervew.pdf\">http:\/\/www.antipsychiatrieverlag.de\/artikel\/gesundheit\/pdf\/whitaker-intervew.pdf<\/a> <br \/><a class=\"moz-txt-link-freetext\" href=\"http:\/\/www.antipsychiatrieverlag.de\/artikel\/gesundheit\/rufer_e-schock.htm\">http:\/\/www.antipsychiatrieverlag.de\/artikel\/gesundheit\/rufer_e-schock.htm<\/a> <br \/><a class=\"moz-txt-link-freetext\" href=\"https:\/\/www.akdae.de\/Arzneimitteltherapie\/AVP\/Artikel\/201504\/157h\/index.php\">https:\/\/www.akdae.de\/Arzneimitteltherapie\/AVP\/Artikel\/201504\/157h\/index.php<\/a> <br \/><a class=\"moz-txt-link-freetext\" href=\"https:\/\/compendium.ch\/product\/1042362-abilify-schmelztabl-10-mg\/mpro\">https:\/\/compendium.ch\/product\/1042362-abilify-schmelztabl-10-mg\/mpro<\/a> <br \/><a class=\"moz-txt-link-freetext\" href=\"https:\/\/www.zeit.de\/kultur\/film\/2015-05\/dokumentation-nicht-alles-schlucken-psychopharmaka-psychiatrie\">https:\/\/www.zeit.de\/kultur\/film\/2015-05\/dokumentation-nicht-alles-schlucken-psychopharmaka-psychiatrie<\/a> <br \/><a class=\"moz-txt-link-freetext\" href=\"https:\/\/pflege-prisma.de\/2012\/09\/11\/medikamentose-ruhigstellung-betreuungsbedurftiger-menschen\/\">https:\/\/pflege-prisma.de\/2012\/09\/11\/medikamentose-ruhigstellung-betreuungsbedurftiger-menschen\/<\/a> <br \/><a class=\"moz-txt-link-freetext\" href=\"https:\/\/www.spektrum.de\/magazin\/schlaglicht-auf-die-neurobiologische-wirkung-von-antipsychotika\/1125684\">https:\/\/www.spektrum.de\/magazin\/schlaglicht-auf-die-neurobiologische-wirkung-von-antipsychotika\/1125684<\/a> <br \/><a class=\"moz-txt-link-freetext\" href=\"http:\/\/www.antipsychiatrieverlag.de\/artikel\/gesundheit\/rez-ver.htm\">http:\/\/www.antipsychiatrieverlag.de\/artikel\/gesundheit\/rez-ver.htm<\/a> <br \/><a class=\"moz-txt-link-freetext\" href=\"http:\/\/www.antipsychiatrieverlag.de\/artikel\/gesundheit\/andere_seite.htm\">http:\/\/www.antipsychiatrieverlag.de\/artikel\/gesundheit\/andere_seite.htm<\/a> <br \/><a class=\"moz-txt-link-freetext\" href=\"https:\/\/www.depression-heute.de\/eine-absetzgruppe-mit-psychiatrischer-begleitung\">https:\/\/www.depression-heute.de\/eine-absetzgruppe-mit-psychiatrischer-begleitung<\/a> <br \/><a class=\"moz-txt-link-freetext\" href=\"https:\/\/www.heise.de\/tp\/features\/Die-Psychiatrie-ist-im-Kern-Zwangspsychiatrie-3397471.html\">https:\/\/www.heise.de\/tp\/features\/Die-Psychiatrie-ist-im-Kern-Zwangspsychiatrie-3397471.html<\/a> <br \/><a class=\"moz-txt-link-freetext\" href=\"https:\/\/underdog-verlag.de\/veroeffentlichungen\/das-stinknormale-leben-eines-irren\/\">https:\/\/underdog-verlag.de\/veroeffentlichungen\/das-stinknormale-leben-eines-irren\/<\/a> <br \/><a class=\"moz-txt-link-freetext\" href=\"https:\/\/ajp.psychiatryonline.org\/doi\/abs\/10.1176\/ajp.137.1.16\">https:\/\/ajp.psychiatryonline.org\/doi\/abs\/10.1176\/ajp.137.1.16<\/a> <br \/><a class=\"moz-txt-link-freetext\" href=\"https:\/\/lebenslust-jetzt.de\/tipps\/psychopharmaka-hilfe-oder-gift\">https:\/\/lebenslust-jetzt.de\/tipps\/psychopharmaka-hilfe-oder-gift<\/a> <br \/><a class=\"moz-txt-link-freetext\" href=\"https:\/\/compendium.ch\/product\/1042362-abilify-schmelztabl-10-mg\/mpro\">https:\/\/compendium.ch\/product\/1042362-abilify-schmelztabl-10-mg\/mpro<\/a> <br \/><a class=\"moz-txt-link-freetext\" href=\"https:\/\/pflege-prisma.de\/2012\/09\/11\/medikamentose-ruhigstellung-betreuungsbedurftiger-menschen\">https:\/\/pflege-prisma.de\/2012\/09\/11\/medikamentose-ruhigstellung-betreuungsbedurftiger-menschen<\/a> <br \/><a class=\"moz-txt-link-freetext\" href=\"https:\/\/www.spektrum.de\/magazin\/schlaglicht-auf-die-neurobiologische-wirkung-von-antipsychotika\/1125684\">https:\/\/www.spektrum.de\/magazin\/schlaglicht-auf-die-neurobiologische-wirkung-von-antipsychotika\/1125684<\/a> <br \/><a class=\"moz-txt-link-freetext\" href=\"http:\/\/www.antipsychiatrieverlag.de\/artikel\/gesundheit\/rez-ver.htm\">http:\/\/www.antipsychiatrieverlag.de\/artikel\/gesundheit\/rez-ver.htm<\/a> <br \/><a class=\"moz-txt-link-freetext\" href=\"http:\/\/www.antipsychiatrieverlag.de\/artikel\/gesundheit\/andere_seite.htm\">http:\/\/www.antipsychiatrieverlag.de\/artikel\/gesundheit\/andere_seite.htm<\/a> <br \/><a class=\"moz-txt-link-freetext\" href=\"https:\/\/www.depression-heute.de\/eine-absetzgruppe-mit-psychiatrischer-begleitung\/\">https:\/\/www.depression-heute.de\/eine-absetzgruppe-mit-psychiatrischer-begleitung\/<\/a><\/li><\/ul><\/div>\n\t\t\t\t<\/div>\n\t\t\t\t<\/div>\n\t\t\t\t\t\t<\/div>\n\t\t\t\t\t<\/div>\n\t\t<\/div>\n\t\t\t\t\t\t\t\t<\/div>\n\t\t\t\t\t<\/div>\n\t\t<\/section>\n\t\t\t\t\t\t<\/div>\n\t\t\t\t\t\t<\/div>\n\t\t\t\t\t<\/div>\n\t\t","protected":false},"excerpt":{"rendered":"<p>DOWNLOADBEREICH Plakat: Download (pdf) Textfassung: Download (pdf) Audiodateien:H\u00f6rspiel: Download (mp3) Und ab sofort HIER die ganze Radiosendung oder nur das H\u00f6rspiel jederzeit h\u00f6ren. Die Weiterverbreitung der Audio-Dokumente und des Textes sind erw\u00fcnscht und freigegeben. Die Rechte an allen Dokumenten verbleiben bei \u00a9 Hermann-Josef Kr\u00e4mer und \u00a9 Theater Arbeit Duisburg. Bei Interesse einer eigenen Arbeit mit&hellip;<\/p>\n","protected":false},"author":1,"featured_media":0,"parent":0,"menu_order":0,"comment_status":"closed","ping_status":"closed","template":"","meta":[],"_links":{"self":[{"href":"https:\/\/hermannsschlacht.theater-arbeit-duisburg.de\/index.php?rest_route=\/wp\/v2\/pages\/338"}],"collection":[{"href":"https:\/\/hermannsschlacht.theater-arbeit-duisburg.de\/index.php?rest_route=\/wp\/v2\/pages"}],"about":[{"href":"https:\/\/hermannsschlacht.theater-arbeit-duisburg.de\/index.php?rest_route=\/wp\/v2\/types\/page"}],"author":[{"embeddable":true,"href":"https:\/\/hermannsschlacht.theater-arbeit-duisburg.de\/index.php?rest_route=\/wp\/v2\/users\/1"}],"replies":[{"embeddable":true,"href":"https:\/\/hermannsschlacht.theater-arbeit-duisburg.de\/index.php?rest_route=%2Fwp%2Fv2%2Fcomments&post=338"}],"version-history":[{"count":186,"href":"https:\/\/hermannsschlacht.theater-arbeit-duisburg.de\/index.php?rest_route=\/wp\/v2\/pages\/338\/revisions"}],"predecessor-version":[{"id":1088,"href":"https:\/\/hermannsschlacht.theater-arbeit-duisburg.de\/index.php?rest_route=\/wp\/v2\/pages\/338\/revisions\/1088"}],"wp:attachment":[{"href":"https:\/\/hermannsschlacht.theater-arbeit-duisburg.de\/index.php?rest_route=%2Fwp%2Fv2%2Fmedia&parent=338"}],"curies":[{"name":"wp","href":"https:\/\/api.w.org\/{rel}","templated":true}]}}